{"id":58,"date":"2009-07-12T00:32:19","date_gmt":"2009-07-12T00:32:19","guid":{"rendered":"http:\/\/blogs.ess-edu.pt\/aguaouro\/?page_id=58"},"modified":"2018-12-09T02:37:21","modified_gmt":"2018-12-09T02:37:21","slug":"o-conto","status":"publish","type":"page","link":"https:\/\/blogs.ess-edu.pt\/aguaouro\/o-conto\/","title":{"rendered":"O Conto"},"content":{"rendered":"<p class=\"MsoNormal\" style=\"text-align: center; margin: 0cm 0cm 18pt;\" align=\"center\"><span style=\"font-size: 20pt;\"><span style=\"font-family: Times New Roman;\">\u00c1gua, Ouro do S\u00e9culo XXI<\/span><\/span><\/p>\n<p class=\"Texto\" style=\"margin: 0cm 0cm 6pt;\"><span style=\"font-family: Times New Roman; font-size: medium;\">Era Outono. O sol brilhava radiosamente e aquecia, como \u00e9 pr\u00f3prio do Ver\u00e3o de S\u00e3o Martinho.<\/span><\/p>\n<p class=\"Texto\" style=\"margin: 0cm 0cm 6pt;\"><span style=\"font-family: Times New Roman; font-size: medium;\">Maria do Mar, uma menina de nove anos, e o seu irm\u00e3o Oceano, de oito, viviam no Porto e vieram passar f\u00e9rias a casa dos av\u00f3s maternos, em V\u00e1rzea de Abrunhais. Eles adoravam fazer aventuras nos campos e nas matas cheias de folhas secas e coloridas. Gostavam de as apanhar e sec\u00e1-las para fazerem um herb\u00e1rio.<\/span><\/p>\n<p class=\"Texto\" style=\"margin: 0cm 0cm 6pt;\"><span style=\"font-family: Times New Roman; font-size: medium;\">Um dia, os dois irm\u00e3os foram passear ao pinhal, apanhar caruma para a fogueira do magusto e, de repente, viram uma casa que parecia abandonada. De dentro sa\u00eda um ru\u00eddo estranho! Talvez o barulho de \u00e1gua a cair de uma torneira\u2026<\/span><\/p>\n<p class=\"Texto\" style=\"margin: 0cm 0cm 6pt;\"><span style=\"font-family: Times New Roman; font-size: medium;\">Os dois irm\u00e3os entraram, viram uma torneira a verter \u00e1gua e tentaram fech\u00e1-la. O esfor\u00e7o foi em v\u00e3o (a torneira estava velha) e ainda come\u00e7ou a verter mais \u00e1gua.<\/span><\/p>\n<p class=\"Texto\" style=\"margin: 0cm 0cm 6pt;\"><span style=\"font-family: Times New Roman; font-size: medium;\">Os meninos, aflitos, correram at\u00e9 casa a contar o sucedido. Logo, o av\u00f4 Artur foi ver o que se passava. Ficou muito aflito por n\u00e3o conseguir fechar a torneira e esta verter cada vez mais.<\/span><\/p>\n<p class=\"Texto\" style=\"margin: 0cm 0cm 6pt;\"><span style=\"font-family: Times New Roman; font-size: medium;\">Eram tempos de seca e a \u00e1gua era \u201cpreciosa\u201d \u2013 n\u00e3o se podia desperdi\u00e7ar! Por este motivo, a av\u00f3 Maria, ajudada pelos netos, colocou um grande balde debaixo da torneira, aproveitando a \u00e1gua que dela ca\u00eda. Entretanto, o av\u00f4 Artur foi at\u00e9 Britiande chamar um canalizador, o senhor Armando.<\/span><\/p>\n<p class=\"Texto\" style=\"margin: 0cm 0cm 6pt;\"><span style=\"font-family: Times New Roman; font-size: medium;\">Quando o senhor Armando chegou viu que a torneira tinha que ser mudada.<\/span><\/p>\n<p class=\"Texto\" style=\"margin: 0cm 0cm 6pt;\"><span style=\"font-family: Times New Roman; font-size: medium;\">Neste momento, entra uma senhora idosa e de aspecto muito pobre carregando um cesto cheio de lenha.<\/span><\/p>\n<p class=\"Texto\" style=\"margin: 0cm 0cm 6pt;\"><span style=\"font-family: Times New Roman; font-size: medium;\">\u2013 O que fazem na minha humilde e pequena casa? \u2013 perguntou a senhora.<\/span><\/p>\n<p class=\"Texto\" style=\"margin: 0cm 0cm 6pt;\"><span style=\"font-family: Times New Roman; font-size: medium;\">\u2013 Desculpe, pens\u00e1mos que a casa estava abandonada! \u2013 respondeu a Maria do Mar muito admirada.<\/span><\/p>\n<p class=\"Texto\" style=\"margin: 0cm 0cm 6pt;\"><span style=\"font-family: Times New Roman; font-size: medium;\">A velha senhora explicou que ocupou aquela casa pois n\u00e3o tinha onde morar e andava de terra em terra.<\/span><\/p>\n<p class=\"Texto\" style=\"margin: 0cm 0cm 6pt;\"><span style=\"font-family: Times New Roman; font-size: medium;\">O av\u00f4 Artur contou porque motivo estavam todos l\u00e1 em casa.<\/span><\/p>\n<p class=\"Texto\" style=\"margin: 0cm 0cm 6pt;\"><span style=\"font-family: Times New Roman; font-size: medium;\">\u2013 A nossa professora ensina-nos a poupar \u00e1gua. Ela diz que qualquer dia o nosso planeta pode ficar sem \u00e1gua pot\u00e1vel e ent\u00e3o ser\u00e1 imposs\u00edvel haver vida na Terra. \u2013 disse Oceano.<\/span><\/p>\n<p class=\"Texto\" style=\"margin: 0cm 0cm 6pt;\"><span style=\"font-family: Times New Roman; font-size: medium;\">Como a senhora n\u00e3o tinha dinheiro para pagar ao canalizador, o av\u00f4 Artur ofereceu a torneira nova para se poder poupar a \u00e1gua que era t\u00e3o protegida pelos seus netos. A pobre velhota agradeceu-lhes muito e ofereceu-lhes algumas das poucas castanhas que tinha.<\/span><\/p>\n<p class=\"Texto\" style=\"margin: 0cm 0cm 6pt;\"><span style=\"font-family: Times New Roman; font-size: medium;\">No dia seguinte, mais uma aventura na vida destes dois irm\u00e3os. Os av\u00f3s levaram\u2011nos a Cep\u00f5es. L\u00e1, alguns amigos deles iam fazer um magusto e o av\u00f4 queria aproveitar para mostrar aos netos aquela bonita aldeia.<\/span><\/p>\n<p class=\"Texto\" style=\"margin: 0cm 0cm 6pt;\"><span style=\"font-family: Times New Roman; font-size: medium;\">Maria do Mar e Oceano divertiam-se muito com os av\u00f3s e nem sabiam da surpresa que estes estavam a preparar-lhes\u2026<\/span><\/p>\n<p class=\"Texto\" style=\"margin: 0cm 0cm 6pt;\"><span style=\"font-family: Times New Roman; font-size: medium;\">Nesse dia o av\u00f4 disse-lhes:<\/span><\/p>\n<p class=\"Texto\" style=\"margin: 0cm 0cm 6pt;\"><span style=\"font-family: Times New Roman; font-size: medium;\">\u2013 Esta noite v\u00e3o dormir a casa dos vossos primos, na Galv\u00e2, porque de manh\u00e3, bem cedinho, vamos fazer uma viagem.<\/span><\/p>\n<p class=\"Texto\" style=\"margin: 0cm 0cm 6pt;\"><span style=\"font-family: Times New Roman; font-size: medium;\">\u2013 Vamos viajar para onde, av\u00f4? \u2013 perguntou Oceano.<\/span><\/p>\n<p class=\"Texto\" style=\"margin: 0cm 0cm 6pt;\"><span style=\"font-family: Times New Roman; font-size: medium;\">\u2013 \u00c9 uma surpresa, por isso, s\u00f3 amanh\u00e3 vos digo.<\/span><\/p>\n<p class=\"Texto\" style=\"margin: 0cm 0cm 6pt;\"><span style=\"font-family: Times New Roman; font-size: medium;\">Em casa dos primos, V\u00e2nia e Rui, o assunto foi sempre a \u201cviagem surpresa\u201d.<\/span><\/p>\n<p class=\"Texto\" style=\"margin: 0cm 0cm 6pt;\"><span style=\"font-family: Times New Roman; font-size: medium;\">\u00c0s 7:30 horas ouviu-se a voz da av\u00f3 Maria:<\/span><\/p>\n<p class=\"Texto\" style=\"margin: 0cm 0cm 6pt;\"><span style=\"font-family: Times New Roman; font-size: medium;\">\u2013 Toca a levantar meninos, est\u00e1 na hora!<\/span><\/p>\n<p class=\"Texto\" style=\"margin: 0cm 0cm 6pt;\"><span style=\"font-family: Times New Roman; font-size: medium;\">Maria do Mar, Oceano, V\u00e2nia e Rui, levantam-se com um brilho nos olhos, questionando-se sobre o que seria a surpresa.<\/span><\/p>\n<p class=\"Texto\" style=\"margin: 0cm 0cm 6pt;\"><span style=\"font-family: Times New Roman; font-size: medium;\">A av\u00f3 Maria e o av\u00f4 Artur j\u00e1 estavam prontos com a cesta da merenda.<\/span><\/p>\n<p class=\"Texto\" style=\"margin: 0cm 0cm 6pt;\"><span style=\"font-family: Times New Roman; font-size: medium;\">\u2013 \u00c9 essa a surpresa? \u2013 perguntaram eles.<\/span><\/p>\n<p class=\"Texto\" style=\"margin: 0cm 0cm 6pt;\"><span style=\"font-family: Times New Roman; font-size: medium;\">Os av\u00f3s sorriram e n\u00e3o responderam.<\/span><\/p>\n<p class=\"Texto\" style=\"margin: 0cm 0cm 6pt;\"><span style=\"font-family: Times New Roman; font-size: medium;\">\u2013 Vamos r\u00e1pido para n\u00e3o perdermos o autocarro. \u2013 disse o av\u00f4.<\/span><\/p>\n<p class=\"Texto\" style=\"margin: 0cm 0cm 6pt;\"><span style=\"font-family: Times New Roman; font-size: medium;\">Maria do Mar e Oceano iam admirados com a bela paisagem do Douro.<\/span><\/p>\n<p class=\"Texto\" style=\"margin: 0cm 0cm 6pt;\"><span style=\"font-family: Times New Roman; font-size: medium;\">\u2013 Cheg\u00e1mos! Estamos na R\u00e9gua. \u2013 disse o av\u00f4.<\/span><\/p>\n<p class=\"Texto\" style=\"margin: 0cm 0cm 6pt;\"><span style=\"font-family: Times New Roman; font-size: medium;\">\u2013 E a surpresa, av\u00f4?<\/span><\/p>\n<p class=\"Texto\" style=\"margin: 0cm 0cm 6pt;\"><span style=\"font-family: Times New Roman; font-size: medium;\">O av\u00f4, sorrindo, encaminhou-os para o cais.<\/span><\/p>\n<p class=\"Texto\" style=\"margin: 0cm 0cm 6pt;\"><span style=\"font-family: Times New Roman; font-size: medium;\">Ao descerem as escadas, repararam que estavam ali algumas crian\u00e7as e adultos que conversavam e riam alegremente. Nisto\u2026<\/span><\/p>\n<p class=\"Texto\" style=\"margin: 0cm 0cm 6pt;\"><span style=\"font-family: Times New Roman; font-size: medium;\">\u2013 Av\u00f4, av\u00f3! Olhem que barco t\u00e3o grande est\u00e1 a subir o rio! \u2013 gritaram os netos.<\/span><\/p>\n<p class=\"Texto\" style=\"margin: 0cm 0cm 6pt;\"><span style=\"font-family: Times New Roman; font-size: medium;\">Os av\u00f3s entreolharam-se com ar c\u00famplice e sorriram.<\/span><\/p>\n<p class=\"Texto\" style=\"margin: 0cm 0cm 6pt;\"><span style=\"font-family: Times New Roman; font-size: medium;\">Maria do Mar, Oceano, V\u00e2nia e Rui exclamaram ansiosos:<\/span><\/p>\n<p class=\"Texto\" style=\"margin: 0cm 0cm 6pt;\"><span style=\"font-family: Times New Roman; font-size: medium;\">\u2013 Afinal, a tal \u201cviagem surpresa\u201d \u00e9 uma viagem de barco?!<\/span><\/p>\n<p class=\"Texto\" style=\"margin: 0cm 0cm 6pt;\"><span style=\"font-family: Times New Roman; font-size: medium;\">\u2013 \u00c9 verdade, quisemos proporcionar-vos um passeio de barco. Vamos subir o rio Douro at\u00e9 ao Pinh\u00e3o. \u2013 responderam os av\u00f3s.<\/span><\/p>\n<p class=\"Texto\" style=\"margin: 0cm 0cm 6pt;\"><span style=\"font-family: Times New Roman; font-size: medium;\">\u2013 Que maravilha! \u2013 comentaram entusiasticamente as crian\u00e7as, abra\u00e7ando os av\u00f3s.<\/span><\/p>\n<p class=\"Texto\" style=\"margin: 0cm 0cm 6pt;\"><span style=\"font-family: Times New Roman; font-size: medium;\">\u00c0 medida que o barco se aproximava ainda lhes parecia maior.<\/span><\/p>\n<p class=\"Texto\" style=\"margin: 0cm 0cm 6pt;\"><span style=\"font-family: Times New Roman; font-size: medium;\">\u2013 \u00c9 enorme! \u2013 disseram V\u00e2nia e Rui, que nunca tinham estado t\u00e3o perto de um barco daquele tamanho.<\/span><\/p>\n<p class=\"Texto\" style=\"margin: 0cm 0cm 6pt;\"><span style=\"font-family: Times New Roman; font-size: medium;\">\u2013 Tem dois andares e chama-se \u201cDouro Azul\u201d. \u2013 meteram conversa dois meninos que estavam ali perto.<\/span><\/p>\n<p class=\"Texto\" style=\"margin: 0cm 0cm 6pt;\"><span style=\"font-family: Times New Roman; font-size: medium;\">Maria do Mar e Oceano chegaram-se mais ao grupo e perguntaram:<\/span><\/p>\n<p class=\"Texto\" style=\"margin: 0cm 0cm 6pt;\"><span style=\"font-family: Times New Roman; font-size: medium;\">\u2013 De onde sois e como vos chamais?<\/span><\/p>\n<p class=\"Texto\" style=\"margin: 0cm 0cm 6pt;\"><span style=\"font-family: Times New Roman; font-size: medium;\">\u2013 N\u00f3s somos de Lalim. Eu sou o Pedro e ela \u00e9 a Susana.<\/span><\/p>\n<p class=\"Texto\" style=\"margin: 0cm 0cm 6pt;\"><span style=\"font-family: Times New Roman; font-size: medium;\">\u2013 Prazer em vos conhecer! \u2013 responderam todos, apresentando-se tamb\u00e9m.<\/span><\/p>\n<p class=\"Texto\" style=\"margin: 0cm 0cm 6pt;\"><span style=\"font-family: Times New Roman; font-size: medium;\">\u2013 Os nossos pais trouxeram-nos aqui para andarmos de barco. A nossa professora disse-nos que era um passeio muito bonito e que ir\u00edamos ver muitas coisas interessantes.<\/span><\/p>\n<p class=\"Texto\" style=\"margin: 0cm 0cm 6pt;\"><span style=\"font-family: Times New Roman; font-size: medium;\">Ao subirmos o rio at\u00e9 ao Pinh\u00e3o vamos passar pela barragem de Baga\u00faste, que \u00e9 muito importante para a produ\u00e7\u00e3o de energia el\u00e9ctrica. \u2013 comentou a Susana.<\/span><\/p>\n<p class=\"Texto\" style=\"margin: 0cm 0cm 6pt;\"><span style=\"font-family: Times New Roman; font-size: medium;\">\u2013 \u00c9 verdade! \u2013 afirmou Maria do Mar. A minha professora tamb\u00e9m j\u00e1 nos explicou isso. Ela diz que a for\u00e7a motriz da \u00e1gua \u00e9 t\u00e3o forte que faz girar as turbinas com tanta for\u00e7a que elas produzem electricidade.<\/span><\/p>\n<p class=\"Texto\" style=\"margin: 0cm 0cm 6pt;\"><span style=\"font-family: Times New Roman; font-size: medium;\">\u2013 Olhem, est\u00e3o a ver aquele barco t\u00e3o engra\u00e7ado, no meio do rio, cheio de pipas? \u2013 questionou o Pedro. \u00c9 um barco Rabelo, que antigamente servia para transportar pelo rio o famoso Vinho do Porto, que se fabricava aqui na R\u00e9gua, nos armaz\u00e9ns da Casa do Douro, at\u00e9 \u00e0s cidades do Porto e de Vila Nova de Gaia, onde era armazenado, para depois ser vendido, principalmente aos Ingleses.<\/span><\/p>\n<p class=\"Texto\" style=\"margin: 0cm 0cm 6pt;\"><span style=\"font-family: Times New Roman; font-size: medium;\">O av\u00f4 Artur continuou:<\/span><\/p>\n<p class=\"Texto\" style=\"margin: 0cm 0cm 6pt;\"><span style=\"font-family: Times New Roman; font-size: medium;\">\u2013 O Rio Douro era uma importante via de comunica\u00e7\u00e3o. Ultimamente, esta via fluvial \u00e9 utilizada por barcos de recreio, que trazem muitos turistas, principalmente estrangeiros, que v\u00eam visitar esta lind\u00edssima Regi\u00e3o Duriense. O Rio Douro \u00e9 agora naveg\u00e1vel desde a sua foz at\u00e9 Barca d\u2019Alva, gra\u00e7as \u00e0s in\u00fameras barragens que nele foram constru\u00eddas.<\/span><\/p>\n<p class=\"Texto\" style=\"margin: 0cm 0cm 6pt;\"><span style=\"font-family: Times New Roman; font-size: medium;\">Nisto, o \u201cDouro Azul\u201d chega ao cais\u2026<\/span><\/p>\n<p class=\"Texto\" style=\"margin: 0cm 0cm 6pt;\"><span style=\"font-family: Times New Roman; font-size: medium;\">Entraram para o barco e iniciaram a viagem rio acima. O barco j\u00e1 trazia muitos turistas estrangeiros. Ao aproximarem-se da Barragem de Baga\u00faste, a Susana perguntou:<\/span><\/p>\n<p class=\"Texto\" style=\"margin: 0cm 0cm 6pt;\"><span style=\"font-family: Times New Roman; font-size: medium;\">\u2013 Como vamos conseguir passar para o outro lado?!<\/span><\/p>\n<p class=\"Texto\" style=\"margin: 0cm 0cm 6pt;\"><span style=\"font-family: Times New Roman; font-size: medium;\">O av\u00f4 da Maria do Mar e do Oceano explicou que o barco ia entrar numa esp\u00e9cie de tanque, a \u00e1gua come\u00e7aria a subir at\u00e9 ficar com a mesma altura que est\u00e1 do outro lado da barragem, era uma eclusa. E, assim, o barco continuou a sua viagem at\u00e9 ao Pinh\u00e3o.<\/span><\/p>\n<p class=\"Texto\" style=\"margin: 0cm 0cm 6pt;\"><span style=\"font-family: Times New Roman; font-size: medium;\">Apreciando a paisagem, Maria do Mar e Oceano estavam admirados com a quantidade de vinhas ao longo do rio, que mais pareciam uma grande escadaria, que subia do rio at\u00e9 ao cimo dos montes, como se fosse um santu\u00e1rio.<\/span><\/p>\n<p class=\"Texto\" style=\"margin: 0cm 0cm 6pt;\"><span style=\"font-family: Times New Roman; font-size: medium;\">Ao lado, a Susana conversava com o Pedro sobre o que seria mais importante: o oceano ou o mar. O av\u00f4 lembrou-lhes que se estavam a esquecer dos rios.<\/span><\/p>\n<p class=\"Texto\" style=\"margin: 0cm 0cm 6pt;\"><span style=\"font-family: Times New Roman; font-size: medium;\">Ainda sem chegarem a uma conclus\u00e3o, o barco atracou no cais do Pinh\u00e3o.<\/span><\/p>\n<p class=\"Texto\" style=\"margin: 0cm 0cm 6pt;\"><span style=\"font-family: Times New Roman; font-size: medium;\">A\u00ed, os irm\u00e3os, os av\u00f3s e os primos encontraram um grupo de meninos de Lazarim, que tinham chegado de autocarro para descer o rio Douro. Como existia no cais um parque infantil, as crian\u00e7as misturaram-se umas com as outras e, durante algum tempo, brincaram entusiasmadas nos escorregas e nos balou\u00e7os. A certa altura, a Maria do Mar escorregou e esmurrou o cotovelo e, aflita, correu para o rio para lavar a ferida, que sangrava. A D\u00e9bora e a Andreia, de Lazarim, ao verem aquilo, exclamaram:<\/span><\/p>\n<p class=\"Texto\" style=\"margin: 0cm 0cm 6pt;\"><span style=\"font-family: Times New Roman; font-size: medium;\">\u2013 Cuidado! A \u00e1gua pode estar polu\u00edda e podes ganhar uma infec\u00e7\u00e3o! \u2026 Lava, antes, com a \u00e1gua da minha garrafa. Ao mesmo tempo, as duas amigas de Lazarim olharam uma para a outra e disseram:<\/span><\/p>\n<p class=\"Texto\" style=\"margin: 0cm 0cm 6pt;\"><span style=\"font-family: Times New Roman; font-size: medium;\">\u2013 Como seria bom, neste momento, estarmos na nossa terra, junto ao nosso Varozela! A\u00ed, sim, podias lavar a tua ferida, pois a \u00e1gua que nele corre \u00e9 l\u00edmpida e cristalina. Se assim n\u00e3o fosse, n\u00e3o ter\u00edamos o prazer de saborear as deliciosas trutas que nele se criam.<\/span><\/p>\n<p class=\"Texto\" style=\"margin: 0cm 0cm 6pt;\"><span style=\"font-family: Times New Roman; font-size: medium;\">Em jeito de convite, a D\u00e9bora e a Andreia disseram ao av\u00f4, \u00e0 av\u00f3 e a todos os outros:<\/span><\/p>\n<p class=\"Texto\" style=\"margin: 0cm 0cm 6pt;\"><span style=\"font-family: Times New Roman; font-size: medium;\">\u2013 Visitem a nossa Vila! V\u00e3o a Lazarim e matem a sede com a \u00e1gua fresca das nossas fontes!<\/span><\/p>\n<p class=\"Texto\" style=\"margin: 0cm 0cm 6pt;\"><span style=\"font-family: Times New Roman; font-size: medium;\">Admirados, Maria do Mar e Oceano exclamaram:<\/span><\/p>\n<p class=\"Texto\" style=\"margin: 0cm 0cm 6pt;\"><span style=\"font-family: Times New Roman; font-size: medium;\">\u2013 Continuai a proteger a vossa \u00e1gua, que \u00e9 ouro! Estareis, assim, a contribuir para o bem de todos.<\/span><\/p>\n<p class=\"Texto\" style=\"margin: 0cm 0cm 6pt;\"><span style=\"font-family: Times New Roman; font-size: medium;\">Aproveitando a oportunidade, o av\u00f4 Artur retomou a conversa que tinha ficado por acabar, sobre o que seria mais importante: o oceano, o mar ou os rios, abordando o problema actual que a todos preocupa: a polui\u00e7\u00e3o da \u00e1gua.<\/span><\/p>\n<p class=\"Texto\" style=\"margin: 0cm 0cm 6pt;\"><span style=\"font-family: Times New Roman; font-size: medium;\">Nesse dia quente, estava Rosalina, menina da escola de M\u00f3s, a contemplar o Rio Douro pela primeira vez. Ao ver os colegas de Lazarim, aproximou-se, ouviu o av\u00f4 Artur e exclamou:<\/span><\/p>\n<p class=\"Texto\" style=\"margin: 0cm 0cm 6pt;\"><span style=\"font-family: Times New Roman; font-size: medium;\">\u2013 Os rios devem ser mais importantes, porque a \u00e1gua n\u00e3o \u00e9 salgada e, por isso, podemos utiliz\u00e1-la para beber.<\/span><\/p>\n<p class=\"Texto\" style=\"margin: 0cm 0cm 6pt;\"><span style=\"font-family: Times New Roman; font-size: medium;\">O Rui, espantado com a afirma\u00e7\u00e3o da sua colega Rosalina, explicou:<\/span><\/p>\n<p class=\"Texto\" style=\"margin: 0cm 0cm 6pt;\"><span style=\"font-family: Times New Roman; font-size: medium;\">\u2013 A \u00e1gua dos rios n\u00e3o se pode beber nem utilizar antes de ser tratada, porque tem micr\u00f3bios causados pelo lixo que todos fazemos. \u00c9 preciso reduzir o lixo e coloc\u00e1-lo nos recipientes pr\u00f3prios para que possa ser reciclado.<\/span><\/p>\n<p class=\"Texto\" style=\"margin: 0cm 0cm 6pt;\"><span style=\"font-family: Times New Roman; font-size: medium;\">\u2013 Sabes que um sexto da popula\u00e7\u00e3o mundial n\u00e3o tem \u00e1gua pot\u00e1vel para beber?<\/span><\/p>\n<p class=\"Texto\" style=\"margin: 0cm 0cm 6pt;\"><span style=\"font-family: Times New Roman; font-size: medium;\">\u2013 N\u00e3o sabia! \u2013 respondeu a C\u00e1tia.<\/span><\/p>\n<p class=\"Texto\" style=\"margin: 0cm 0cm 6pt;\"><span style=\"font-family: Times New Roman; font-size: medium;\">\u2013 Isso \u00e9 um problema muito grave e todos n\u00f3s temos de ajudar.<\/span><\/p>\n<p class=\"Texto\" style=\"margin: 0cm 0cm 6pt;\"><span style=\"font-family: Times New Roman; font-size: medium;\">\u2013 Vou alertar os meus pais e os meus vizinhos para que deixem de usar produtos qu\u00edmicos, porque se infiltram no solo e v\u00e3o ter aos rios, aos mares e aos oceanos.<\/span><\/p>\n<p class=\"Texto\" style=\"margin: 0cm 0cm 6pt;\"><span style=\"font-family: Times New Roman; font-size: medium;\">O Severino, aluno de Vila Me\u00e3, que estava com a C\u00e1tia, ouviu atentamente tudo que foi dito. No dia seguinte, na escola, pediu \u00e0 professora para falar de um assunto muito importante. Alertou toda a turma para a n\u00e3o utiliza\u00e7\u00e3o de produtos qu\u00edmicos na agricultura, pois estes poluem a \u00e1gua existente no solo.<\/span><\/p>\n<p class=\"Texto\" style=\"margin: 0cm 0cm 6pt;\"><span style=\"font-family: Times New Roman; font-size: medium;\">A B\u00e1rbara, cujo pai trabalha nas \u00c1guas de Tr\u00e1s-os-Montes, referiu que a \u00e1gua pode ser contaminada de muitas maneiras: pela acumula\u00e7\u00e3o de lixos e detritos junto de fontes, po\u00e7os e cursos de \u00e1gua; pelos esgotos dom\u00e9sticos que aldeias, vilas e cidades lan\u00e7am nos rios ou nos mares; pelos res\u00edduos t\u00f3xicos que algumas f\u00e1bricas lan\u00e7am nos rios; pela lavagem n\u00e3o autorizada de barcos no alto mar, que largam combust\u00edvel\u2026<\/span><\/p>\n<p class=\"Texto\" style=\"margin: 0cm 0cm 6pt;\"><span style=\"font-family: Times New Roman; font-size: medium;\">Ent\u00e3o, todos os alunos concordaram que a \u00e1gua \u00e9 um recurso natural fundamental ao planeta Terra e que, por isso, \u00e9 dever de todos n\u00f3s n\u00e3o a poluir, poup\u00e1-la e proteg\u00ea-la, pois ela \u00e9 o OURO DO S\u00c9CULO XXI.<\/span><\/p>\n<p class=\"MsoNormal\" style=\"text-align: center; margin: 0cm 0cm 0pt;\" align=\"center\"><span style=\"font-family: Arial; color: black; font-size: 8pt;\">\u00a0<\/span><\/p>\n<p class=\"MsoNormal\" style=\"text-align: center; margin: 0cm 0cm 0pt;\" align=\"center\"><span style=\"font-family: Arial; color: black; font-size: 8pt;\">\u00a0<\/span><\/p>\n<p class=\"MsoNormal\" style=\"text-align: center; margin: 0cm 0cm 0pt;\" align=\"center\"><span style=\"font-family: Arial; color: black; font-size: 8pt;\">\u00a0<\/span><\/p>\n<p class=\"MsoNormal\" style=\"text-align: center; margin: 0cm 0cm 0pt;\" align=\"center\"><span style=\"font-family: Arial; color: black; font-size: 8pt;\">\u00a0<\/span><\/p>\n<p class=\"MsoNormal\" style=\"text-align: center; margin: 0cm 0cm 0pt;\" align=\"center\"><span style=\"font-family: Arial; color: black; font-size: 8pt;\">Composi\u00e7\u00e3o realizada colectivamente pelos alunos dos 3.\u00ba e 4.\u00ba anos das EB1 do Agrupamento Vertical de Escolas da S\u00e9 (EB1 de V\u00e1rzea de Abrunhais, EB1 de Britiande, EB1 de Cep\u00f5es; EB1 da Galv\u00e3, EB1 de Lalim, EB1 de Lamego n.\u00ba 2, EB1 de Lazarim, EB1 de M\u00f3s e EB1 de Vila Me\u00e3), no ano lectivo 2008-2009.<br \/>\n<a href=\"https:\/\/blogs.ess-edu.pt\/aguaouro\/\"><span style=\"color: #800080;\">https:\/\/blogs.ess-edu.pt\/aguaouro<\/span><\/a><\/span><\/p>\n<p class=\"MsoNormal\" style=\"text-align: left; margin: 0cm 0cm 0pt;\">\n<p class=\"MsoNormal\" style=\"text-align: left; margin: 0cm 0cm 0pt;\">\n<p class=\"MsoNormal\" style=\"text-align: left; margin: 0cm 0cm 0pt;\"><a href=\"https:\/\/blogs.ess-edu.pt\/aguaouro\/files\/2009\/07\/aguaouro.pdf\" target=\"_blank\" rel=\"noopener\">\u00c1gua, Ouro do S\u00e9culo XXI<\/a>\u00a0(Formato PDF)<\/p>\n","protected":false},"excerpt":{"rendered":"<p class=\"MsoNormal\" style=\"text-align: center; margin: 0cm 0cm 18pt;\" align=\"center\">\u00c1gua, Ouro do S\u00e9culo XXI<\/p>\n<p class=\"Texto\" style=\"margin: 0cm 0cm 6pt;\">Era Outono. O sol brilhava radiosamente e aquecia, como \u00e9 pr\u00f3prio do Ver\u00e3o de S\u00e3o Martinho.<\/p>\n<p class=\"Texto\" style=\"margin: 0cm 0cm 6pt;\">Maria do Mar, uma menina de nove anos, e o seu irm\u00e3o Oceano, de oito, viviam [&#8230;]<\/p>\n","protected":false},"author":1,"featured_media":0,"parent":0,"menu_order":0,"comment_status":"closed","ping_status":"closed","template":"","meta":{"jetpack_post_was_ever_published":false,"footnotes":""},"class_list":["post-58","page","type-page","status-publish","hentry","odd"],"jetpack_sharing_enabled":true,"jetpack_shortlink":"https:\/\/wp.me\/PaunJk-W","jetpack-related-posts":[],"_links":{"self":[{"href":"https:\/\/blogs.ess-edu.pt\/aguaouro\/wp-json\/wp\/v2\/pages\/58","targetHints":{"allow":["GET"]}}],"collection":[{"href":"https:\/\/blogs.ess-edu.pt\/aguaouro\/wp-json\/wp\/v2\/pages"}],"about":[{"href":"https:\/\/blogs.ess-edu.pt\/aguaouro\/wp-json\/wp\/v2\/types\/page"}],"author":[{"embeddable":true,"href":"https:\/\/blogs.ess-edu.pt\/aguaouro\/wp-json\/wp\/v2\/users\/1"}],"replies":[{"embeddable":true,"href":"https:\/\/blogs.ess-edu.pt\/aguaouro\/wp-json\/wp\/v2\/comments?post=58"}],"version-history":[{"count":0,"href":"https:\/\/blogs.ess-edu.pt\/aguaouro\/wp-json\/wp\/v2\/pages\/58\/revisions"}],"wp:attachment":[{"href":"https:\/\/blogs.ess-edu.pt\/aguaouro\/wp-json\/wp\/v2\/media?parent=58"}],"curies":[{"name":"wp","href":"https:\/\/api.w.org\/{rel}","templated":true}]}}