{"id":3,"date":"2008-04-01T03:09:42","date_gmt":"2008-04-01T01:09:42","guid":{"rendered":"http:\/\/blogs.ess-edu.pt\/eb1lmg2b2007\/mapa-do-sitio\/"},"modified":"2024-05-30T01:28:29","modified_gmt":"2024-05-30T01:28:29","slug":"mapa-do-sitio","status":"publish","type":"page","link":"https:\/\/blogs.ess-edu.pt\/eb1lamego2\/mapa-do-sitio\/","title":{"rendered":"Mapa do S\u00edtio"},"content":{"rendered":"<div class=\"wsp-container\"><h2 class=\"wsp-pages-title\">Pages<\/h2>\n<ul class=\"wsp-pages-list\">\n<li class=\"page_item page-item-2\"><a href=\"https:\/\/blogs.ess-edu.pt\/eb1lamego2\/acerca\/\">Acerca<\/a><\/li>\n<li class=\"page_item page-item-455\"><a href=\"https:\/\/blogs.ess-edu.pt\/eb1lamego2\/arquivos\/\">Arquivos<\/a><\/li>\n<li class=\"page_item page-item-3\"><a href=\"https:\/\/blogs.ess-edu.pt\/eb1lamego2\/mapa-do-sitio\/\">Mapa do S\u00edtio<\/a><\/li>\n<\/ul>\n<h2 class=\"wsp-posts-title\">Posts by category<\/h2>\n<ul class=\"wsp-posts-list\">\n\t<li><strong class=\"wsp-category-title\">Category: <a href=\"https:\/\/blogs.ess-edu.pt\/eb1lamego2\/category\/o-galo-aventureiro\/\">O galo aventureiro<\/a><\/strong>\n<ul class=\"wsp-posts-list\">\t\t<li class=\"wsp-post\"><a href=\"https:\/\/blogs.ess-edu.pt\/eb1lamego2\/2008\/04\/16\/oficina-tematica-da-lingua-portuguesa-compreensao-de-textos\/\">Oficina tem\u00e1tica da L\u00edngua Portuguesa &#8211; Compreens\u00e3o de textos<\/a><\/li>\n<\/ul><\/li>\n\t<li><strong class=\"wsp-category-title\">Category: <a href=\"https:\/\/blogs.ess-edu.pt\/eb1lamego2\/category\/sem-categoria\/\">Sem categoria<\/a><\/strong>\n<ul class=\"wsp-posts-list\">\t\t<li class=\"wsp-post\"><a href=\"https:\/\/blogs.ess-edu.pt\/eb1lamego2\/2009\/05\/17\/hora-do-conto\/\">Hora do Conto<\/a><\/li>\n\t\t<li class=\"wsp-post\"><a href=\"https:\/\/blogs.ess-edu.pt\/eb1lamego2\/2009\/04\/27\/a-primaveratambem-tem-espinhos\/\">A Primavera\u2026tamb\u00e9m tem espinhos.<\/a><\/li>\n\t\t<li class=\"wsp-post\"><a href=\"https:\/\/blogs.ess-edu.pt\/eb1lamego2\/2009\/04\/15\/exposicao-de-carnaval\/\">Exposi\u00e7\u00e3o de Carnaval<\/a><\/li>\n\t\t<li class=\"wsp-post\"><a href=\"https:\/\/blogs.ess-edu.pt\/eb1lamego2\/2009\/03\/05\/cortejo-de-carnaval\/\">&#8220;Cortejo de Carnaval&#8221;<\/a><\/li>\n\t\t<li class=\"wsp-post\"><a href=\"https:\/\/blogs.ess-edu.pt\/eb1lamego2\/2009\/03\/05\/o-amor-e-a-poesia-dos-sentidos\/\">&#8220;O Amor \u00e9 a Poesia dos Sentidos&#8230;&#8221;<\/a><\/li>\n\t\t<li class=\"wsp-post\"><a href=\"https:\/\/blogs.ess-edu.pt\/eb1lamego2\/2009\/02\/06\/lamego-e-seu-patrimonio\/\">Lamego e seu Patrim\u00f3nio<\/a><\/li>\n\t\t<li class=\"wsp-post\"><a href=\"https:\/\/blogs.ess-edu.pt\/eb1lamego2\/2008\/06\/19\/a-lebre-e-a-tartaruga\/\">A Lebre e a Tartaruga<\/a><\/li>\n\t\t<li class=\"wsp-post\"><a href=\"https:\/\/blogs.ess-edu.pt\/eb1lamego2\/2008\/06\/19\/visita-de-estudo-residouro\/\">Visita de Estudo &#8211; RESIDOURO<\/a><\/li>\n\t\t<li class=\"wsp-post\"><a href=\"https:\/\/blogs.ess-edu.pt\/eb1lamego2\/2008\/06\/19\/peca-de-teatro-as-aventuras-de-um-boneco\/\">Pe\u00e7a de Teatro &#8220;As Aventuras de um Boneco&#8221;<\/a><\/li>\n\t\t<li class=\"wsp-post\"><a href=\"https:\/\/blogs.ess-edu.pt\/eb1lamego2\/2008\/06\/02\/palavra-puxa-palavra-a-cereja\/\">Palavra puxa palavra &#8211; &#8220;A cereja&#8221;<\/a><\/li>\n\t\t<li class=\"wsp-post\"><a href=\"https:\/\/blogs.ess-edu.pt\/eb1lamego2\/2008\/06\/02\/oficina-tematica-a-noticia\/\">Oficina Tem\u00e1tica &#8211; &#8220;A not\u00edcia&#8221;<\/a><\/li>\n\t\t<li class=\"wsp-post\"><a href=\"https:\/\/blogs.ess-edu.pt\/eb1lamego2\/2008\/05\/27\/continuacao-da-historia\/\">Continua\u00e7\u00e3o da hist\u00f3ria&#8230;<\/a><\/li>\n\t\t<li class=\"wsp-post\"><a href=\"https:\/\/blogs.ess-edu.pt\/eb1lamego2\/2008\/05\/27\/a-ra-presumida\/\">A R\u00e3 presumida<\/a><\/li>\n\t\t<li class=\"wsp-post\"><a href=\"https:\/\/blogs.ess-edu.pt\/eb1lamego2\/2008\/05\/27\/a-raposa-e-o-corvo\/\">A raposa e o corvo<\/a><\/li>\n\t\t<li class=\"wsp-post\"><a href=\"https:\/\/blogs.ess-edu.pt\/eb1lamego2\/2008\/05\/26\/reconto\/\">Reconto<\/a><\/li>\n\t\t<li class=\"wsp-post\"><a href=\"https:\/\/blogs.ess-edu.pt\/eb1lamego2\/2008\/05\/16\/visita-da-comissao-de-proteccao-de-criancas-e-jovens\/\">Visita da Comiss\u00e3o de Protec\u00e7\u00e3o de Crian\u00e7as e Jovens<\/a><\/li>\n\t\t<li class=\"wsp-post\"><a href=\"https:\/\/blogs.ess-edu.pt\/eb1lamego2\/2008\/05\/15\/a-minha-escola\/\">A minha Escola<\/a><\/li>\n\t\t<li class=\"wsp-post\"><a href=\"https:\/\/blogs.ess-edu.pt\/eb1lamego2\/2008\/05\/15\/uma-historia-feliz\/\">Uma hist\u00f3ria feliz<\/a><\/li>\n\t\t<li class=\"wsp-post\"><a href=\"https:\/\/blogs.ess-edu.pt\/eb1lamego2\/2008\/05\/15\/continuacao-de-uma-historia\/\">Continua\u00e7\u00e3o de uma hist\u00f3ria<\/a><\/li>\n\t\t<li class=\"wsp-post\"><a href=\"https:\/\/blogs.ess-edu.pt\/eb1lamego2\/2008\/05\/15\/a-primavera\/\">A Primavera<\/a><\/li>\n\t\t<li class=\"wsp-post\"><a href=\"https:\/\/blogs.ess-edu.pt\/eb1lamego2\/2008\/05\/15\/um-dia-de-chuva\/\">Um dia de chuva&#8230;<\/a><\/li>\n\t\t<li class=\"wsp-post\"><a href=\"https:\/\/blogs.ess-edu.pt\/eb1lamego2\/2008\/05\/15\/sou-um-livro\/\">Sou um livro<\/a><\/li>\n\t\t<li class=\"wsp-post\"><a href=\"https:\/\/blogs.ess-edu.pt\/eb1lamego2\/2008\/05\/15\/o-25-de-abril-no-2c\/\">O 25 de Abril no 2.\u00ba C<\/a><\/li>\n\t\t<li class=\"wsp-post\"><a href=\"https:\/\/blogs.ess-edu.pt\/eb1lamego2\/2008\/05\/14\/chuva-de-palavras\/\">Chuva de palavras<\/a><\/li>\n\t\t<li class=\"wsp-post\"><a href=\"https:\/\/blogs.ess-edu.pt\/eb1lamego2\/2008\/05\/14\/proverbios-populares\/\">Prov\u00e9rbios populares<\/a><\/li>\n\t\t<li class=\"wsp-post\"><a href=\"https:\/\/blogs.ess-edu.pt\/eb1lamego2\/2008\/05\/14\/a-cigarra-e-a-formiga\/\">A cigarra e a formiga<\/a><\/li>\n\t\t<li class=\"wsp-post\"><a href=\"https:\/\/blogs.ess-edu.pt\/eb1lamego2\/2008\/05\/14\/sou-uma-artista\/\">Sou uma artista<\/a><\/li>\n\t\t<li class=\"wsp-post\"><a href=\"https:\/\/blogs.ess-edu.pt\/eb1lamego2\/2008\/05\/14\/os-passarinhos-e-os-seus-ninhos\/\">Os passarinhos e os seus ninhos<\/a><\/li>\n\t\t<li class=\"wsp-post\"><a href=\"https:\/\/blogs.ess-edu.pt\/eb1lamego2\/2008\/05\/12\/1-de-maio\/\">1.\u00ba de Maio (Dia do Trabalhador)<\/a><\/li>\n\t\t<li class=\"wsp-post\"><a href=\"https:\/\/blogs.ess-edu.pt\/eb1lamego2\/2008\/05\/12\/gira-volei\/\">Gira-Volei<\/a><\/li>\n\t\t<li class=\"wsp-post\"><a href=\"https:\/\/blogs.ess-edu.pt\/eb1lamego2\/2008\/05\/12\/oficina-tematica-texto-narrativo\/\">Oficina Tem\u00e1tica &#8211; Texto Narrativo<\/a><\/li>\n\t\t<li class=\"wsp-post\"><a href=\"https:\/\/blogs.ess-edu.pt\/eb1lamego2\/2008\/05\/11\/25-de-abril-de-1974-2\/\">25 de Abril de 1974<\/a><\/li>\n\t\t<li class=\"wsp-post\"><a href=\"https:\/\/blogs.ess-edu.pt\/eb1lamego2\/2008\/05\/11\/25-de-abril-de-1974\/\">25 de Abril de 1974<\/a><\/li>\n\t\t<li class=\"wsp-post\"><a href=\"https:\/\/blogs.ess-edu.pt\/eb1lamego2\/2008\/05\/11\/visita-de-estudo-ao-teatro-ribeiro-conceicao\/\">Visita de estudo ao Teatro Ribeiro Concei\u00e7\u00e3o<\/a><\/li>\n<\/ul><\/li>\n<\/ul>\n<\/div>\n","protected":false},"excerpt":{"rendered":"","protected":false},"author":14,"featured_media":0,"parent":0,"menu_order":0,"comment_status":"open","ping_status":"open","template":"","meta":{"jetpack_post_was_ever_published":false,"footnotes":""},"class_list":["post-3","page","type-page","status-publish","hentry"],"jetpack_sharing_enabled":true,"jetpack_shortlink":"https:\/\/wp.me\/PaunI3-3","jetpack-related-posts":[],"_links":{"self":[{"href":"https:\/\/blogs.ess-edu.pt\/eb1lamego2\/wp-json\/wp\/v2\/pages\/3","targetHints":{"allow":["GET"]}}],"collection":[{"href":"https:\/\/blogs.ess-edu.pt\/eb1lamego2\/wp-json\/wp\/v2\/pages"}],"about":[{"href":"https:\/\/blogs.ess-edu.pt\/eb1lamego2\/wp-json\/wp\/v2\/types\/page"}],"author":[{"embeddable":true,"href":"https:\/\/blogs.ess-edu.pt\/eb1lamego2\/wp-json\/wp\/v2\/users\/14"}],"replies":[{"embeddable":true,"href":"https:\/\/blogs.ess-edu.pt\/eb1lamego2\/wp-json\/wp\/v2\/comments?post=3"}],"version-history":[{"count":0,"href":"https:\/\/blogs.ess-edu.pt\/eb1lamego2\/wp-json\/wp\/v2\/pages\/3\/revisions"}],"wp:attachment":[{"href":"https:\/\/blogs.ess-edu.pt\/eb1lamego2\/wp-json\/wp\/v2\/media?parent=3"}],"curies":[{"name":"wp","href":"https:\/\/api.w.org\/{rel}","templated":true}]}}